{"id":232,"date":"2022-12-31T17:11:10","date_gmt":"2022-12-31T16:11:10","guid":{"rendered":"http:\/\/www.celinedesmisphoto.com\/wordpress\/?page_id=232"},"modified":"2023-01-09T11:48:10","modified_gmt":"2023-01-09T10:48:10","slug":"les-amies","status":"publish","type":"page","link":"http:\/\/www.celinedesmisphoto.com\/wordpress\/particuliers\/les-amies\/","title":{"rendered":"Les ami(e)s"},"content":{"rendered":"\n<p>Ses moments pr\u00e9cieux, ses instants de fou-rire, ses passions communes, ses petits d\u00e9lires&nbsp;: l\u2019amiti\u00e9 est aussi belle \u00e0 photographier qu\u2019\u00e0 vivre. Je peux immortaliser ces instants en une s\u00e9ance photo dans le lieu de votre choix. Pensez aussi \u00e0 une s\u00e9ance photo pour un EVJF&nbsp;!<\/p>\n\n\n\nngg_shortcode_0_placeholder\n","protected":false},"excerpt":{"rendered":"<p>Ses moments pr\u00e9cieux, ses instants de fou-rire, ses passions communes, ses petits d\u00e9lires&nbsp;: l\u2019amiti\u00e9 est aussi belle \u00e0 photographier qu\u2019\u00e0 vivre. Je peux immortaliser ces instants en une s\u00e9ance photo dans le lieu de votre choix. Pensez aussi \u00e0 une s\u00e9ance photo pour un EVJF&nbsp;!<\/p>\n","protected":false},"author":1,"featured_media":0,"parent":16,"menu_order":4,"comment_status":"closed","ping_status":"closed","template":"template-galeries.php","meta":{"inline_featured_image":false,"ngg_post_thumbnail":0,"footnotes":""},"class_list":["post-232","page","type-page","status-publish","hentry"],"_links":{"self":[{"href":"http:\/\/www.celinedesmisphoto.com\/wordpress\/wp-json\/wp\/v2\/pages\/232","targetHints":{"allow":["GET"]}}],"collection":[{"href":"http:\/\/www.celinedesmisphoto.com\/wordpress\/wp-json\/wp\/v2\/pages"}],"about":[{"href":"http:\/\/www.celinedesmisphoto.com\/wordpress\/wp-json\/wp\/v2\/types\/page"}],"author":[{"embeddable":true,"href":"http:\/\/www.celinedesmisphoto.com\/wordpress\/wp-json\/wp\/v2\/users\/1"}],"replies":[{"embeddable":true,"href":"http:\/\/www.celinedesmisphoto.com\/wordpress\/wp-json\/wp\/v2\/comments?post=232"}],"version-history":[{"count":3,"href":"http:\/\/www.celinedesmisphoto.com\/wordpress\/wp-json\/wp\/v2\/pages\/232\/revisions"}],"predecessor-version":[{"id":1070,"href":"http:\/\/www.celinedesmisphoto.com\/wordpress\/wp-json\/wp\/v2\/pages\/232\/revisions\/1070"}],"up":[{"embeddable":true,"href":"http:\/\/www.celinedesmisphoto.com\/wordpress\/wp-json\/wp\/v2\/pages\/16"}],"wp:attachment":[{"href":"http:\/\/www.celinedesmisphoto.com\/wordpress\/wp-json\/wp\/v2\/media?parent=232"}],"curies":[{"name":"wp","href":"https:\/\/api.w.org\/{rel}","templated":true}]}}